{"id":4191,"date":"2024-10-14T14:38:52","date_gmt":"2024-10-14T12:38:52","guid":{"rendered":"https:\/\/westendpsychotherapie.de\/?page_id=4191"},"modified":"2026-01-23T17:09:55","modified_gmt":"2026-01-23T16:09:55","slug":"contact","status":"publish","type":"page","link":"https:\/\/westendpsychotherapie.de\/en\/contact\/","title":{"rendered":"Contact"},"content":{"rendered":"\t\t<div data-elementor-type=\"wp-page\" data-elementor-id=\"4191\" class=\"elementor elementor-4191 elementor-157\" data-elementor-post-type=\"page\">\n\t\t\t\t<div class=\"elementor-element elementor-element-77adaa5 e-flex e-con-boxed e-con e-parent\" data-id=\"77adaa5\" data-element_type=\"container\" data-settings=\"{&quot;background_background&quot;:&quot;classic&quot;}\">\n\t\t\t\t\t<div class=\"e-con-inner\">\n\t\t<div class=\"elementor-element elementor-element-3d56a1a whitetext e-flex e-con-boxed e-con e-child\" data-id=\"3d56a1a\" data-element_type=\"container\">\n\t\t\t\t\t<div class=\"e-con-inner\">\n\t\t\t\t<div class=\"elementor-element elementor-element-8744d0b elementor-widget elementor-widget-text-editor\" data-id=\"8744d0b\" data-element_type=\"widget\" data-widget_type=\"text-editor.default\">\n\t\t\t\t\t\t\t\t\t<h4><strong>Privatpraxis f\u00fcr Psychotherapie<\/strong><br \/>Carsten Ehrath<br \/>Hochstra\u00dfe 48<br \/>60313 Frankfurt am Main<\/h4><p>Email: <a href=\"mailto:info@westendpsychotherapie.de\">info@westendpsychotherapie.de<\/a><br \/>Phone: <a href=\"tel:+4915128799663\">+49 (0) 151-28799663<\/a><\/p>\t\t\t\t\t\t\t\t<\/div>\n\t\t\t\t\t<\/div>\n\t\t\t\t<\/div>\n\t\t<div class=\"elementor-element elementor-element-831aec7 e-con-full elementor-hidden-mobile e-flex e-con e-child\" data-id=\"831aec7\" data-element_type=\"container\">\n\t\t\t\t<\/div>\n\t\t\t\t\t<\/div>\n\t\t\t\t<\/div>\n\t\t<div class=\"elementor-element elementor-element-9f19511 e-con-full e-flex e-con e-parent\" data-id=\"9f19511\" data-element_type=\"container\">\n\t\t\t\t<div class=\"elementor-element elementor-element-4c3ca83 centered doubleheadline linehead elementor-widget elementor-widget-heading\" data-id=\"4c3ca83\" data-element_type=\"widget\" data-widget_type=\"heading.default\">\n\t\t\t\t\t<h2 class=\"elementor-heading-title elementor-size-xxl\"><span class=\"dontlook\">Psychotherapy English Frankfurt am Main\n<\/span>Contact<\/h2>\t\t\t\t<\/div>\n\t\t\t\t<div class=\"elementor-element elementor-element-739f800 elementor-widget elementor-widget-template\" data-id=\"739f800\" data-element_type=\"widget\" data-widget_type=\"template.default\">\n\t\t\t\t<div class=\"elementor-widget-container\">\n\t\t\t\t\t\t\t<div class=\"elementor-template\">\n\t\t\t\t\t<div data-elementor-type=\"container\" data-elementor-id=\"4197\" class=\"elementor elementor-4197 elementor-1212\" data-elementor-post-type=\"elementor_library\">\n\t\t\t\t<div class=\"elementor-element elementor-element-3b26a4f3 e-flex e-con-boxed e-con e-parent\" data-id=\"3b26a4f3\" data-element_type=\"container\">\n\t\t\t\t\t<div class=\"e-con-inner\">\n\t\t<div class=\"elementor-element elementor-element-5d54281e e-con-full e-flex e-con e-child\" data-id=\"5d54281e\" data-element_type=\"container\">\n\t\t<div class=\"elementor-element elementor-element-4d1d7917 e-con-full e-flex e-con e-child\" data-id=\"4d1d7917\" data-element_type=\"container\" data-settings=\"{&quot;background_background&quot;:&quot;classic&quot;}\">\n\t\t\t\t<\/div>\n\t\t<div class=\"elementor-element elementor-element-259df41 e-con-full e-flex e-con e-child\" data-id=\"259df41\" data-element_type=\"container\">\n\t\t\t\t<div class=\"elementor-element elementor-element-cac56f4 elementor-button-align-start elementor-widget__width-initial elementor-widget elementor-widget-form\" data-id=\"cac56f4\" data-element_type=\"widget\" data-settings=\"{&quot;step_next_label&quot;:&quot;N\\u00e4chster&quot;,&quot;step_previous_label&quot;:&quot;Voriger&quot;,&quot;button_width&quot;:&quot;100&quot;,&quot;step_type&quot;:&quot;number_text&quot;,&quot;step_icon_shape&quot;:&quot;circle&quot;}\" data-widget_type=\"form.default\">\n\t\t\t\t\t\t\t<form class=\"elementor-form\" method=\"post\" name=\"Neues Formular\" aria-label=\"Neues Formular\">\n\t\t\t<input type=\"hidden\" name=\"post_id\" value=\"4197\"\/>\n\t\t\t<input type=\"hidden\" name=\"form_id\" value=\"cac56f4\"\/>\n\t\t\t<input type=\"hidden\" name=\"referer_title\" value=\"Contact - Carsten Ehrath | Privatpraxis f\u00fcr Psychotherapie Frankfurt am Main\" \/>\n\n\t\t\t\t\t\t\t<input type=\"hidden\" name=\"queried_id\" value=\"4191\"\/>\n\t\t\t\n\t\t\t<div class=\"elementor-form-fields-wrapper elementor-labels-\">\n\t\t\t\t\t\t\t\t<div class=\"elementor-field-type-text elementor-field-group elementor-column elementor-field-group-name elementor-col-100 elementor-field-required\">\n\t\t\t\t\t\t\t\t\t\t\t\t<label for=\"form-field-name\" class=\"elementor-field-label elementor-screen-only\">\n\t\t\t\t\t\t\t\tName\t\t\t\t\t\t\t<\/label>\n\t\t\t\t\t\t\t\t\t\t\t\t\t\t<input size=\"1\" type=\"text\" name=\"form_fields[name]\" id=\"form-field-name\" class=\"elementor-field elementor-size-sm  elementor-field-textual\" placeholder=\"Name*\" required=\"required\">\n\t\t\t\t\t\t\t\t\t\t\t<\/div>\n\t\t\t\t\t\t\t\t<div class=\"elementor-field-type-email elementor-field-group elementor-column elementor-field-group-email elementor-col-100 elementor-field-required\">\n\t\t\t\t\t\t\t\t\t\t\t\t<label for=\"form-field-email\" class=\"elementor-field-label elementor-screen-only\">\n\t\t\t\t\t\t\t\tE-Mail\t\t\t\t\t\t\t<\/label>\n\t\t\t\t\t\t\t\t\t\t\t\t\t\t<input size=\"1\" type=\"email\" name=\"form_fields[email]\" id=\"form-field-email\" class=\"elementor-field elementor-size-sm  elementor-field-textual\" placeholder=\"Mail*\" required=\"required\">\n\t\t\t\t\t\t\t\t\t\t\t<\/div>\n\t\t\t\t\t\t\t\t<div class=\"elementor-field-type-text\">\n\t\t\t\t\t<input size=\"1\" type=\"text\" name=\"form_fields[field_bdd138c]\" id=\"form-field-field_bdd138c\" class=\"elementor-field elementor-size-sm \" style=\"display:none !important;\">\t\t\t\t<\/div>\n\t\t\t\t\t\t\t\t<div class=\"elementor-field-type-text\">\n\t\t\t\t\t<input size=\"1\" type=\"text\" name=\"form_fields[field_4fa70ca]\" id=\"form-field-field_4fa70ca\" class=\"elementor-field elementor-size-sm \" style=\"display:none !important;\">\t\t\t\t<\/div>\n\t\t\t\t\t\t\t\t<div class=\"elementor-field-type-tel elementor-field-group elementor-column elementor-field-group-field_07e3ae3 elementor-col-100\">\n\t\t\t\t\t\t\t\t\t\t\t\t<label for=\"form-field-field_07e3ae3\" class=\"elementor-field-label elementor-screen-only\">\n\t\t\t\t\t\t\t\tPhone\t\t\t\t\t\t\t<\/label>\n\t\t\t\t\t\t\t\t<input size=\"1\" type=\"tel\" name=\"form_fields[field_07e3ae3]\" id=\"form-field-field_07e3ae3\" class=\"elementor-field elementor-size-sm  elementor-field-textual\" placeholder=\"Phone\" pattern=\"[0-9()#&amp;+*-=.]+\" title=\"Only numbers and phone characters (#, -, *, etc) are accepted.\">\n\n\t\t\t\t\t\t<\/div>\n\t\t\t\t\t\t\t\t<div class=\"elementor-field-type-textarea elementor-field-group elementor-column elementor-field-group-message elementor-col-100\">\n\t\t\t\t\t\t\t\t\t\t\t\t<label for=\"form-field-message\" class=\"elementor-field-label elementor-screen-only\">\n\t\t\t\t\t\t\t\tMessage\t\t\t\t\t\t\t<\/label>\n\t\t\t\t\t\t<textarea class=\"elementor-field-textual elementor-field  elementor-size-sm\" name=\"form_fields[message]\" id=\"form-field-message\" rows=\"4\" placeholder=\"Message\"><\/textarea>\t\t\t\t<\/div>\n\t\t\t\t\t\t\t\t<div class=\"elementor-field-type-text\">\n\t\t\t\t\t<input size=\"1\" type=\"text\" name=\"form_fields[field_80aa782]\" id=\"form-field-field_80aa782\" class=\"elementor-field elementor-size-sm \" style=\"display:none !important;\">\t\t\t\t<\/div>\n\t\t\t\t\t\t\t\t<div class=\"elementor-field-type-html elementor-field-group elementor-column elementor-field-group-field_b0c783f elementor-col-100\">\n\t\t\t\t\tPlease specify your health insurance status:\t\t\t\t<\/div>\n\t\t\t\t\t\t\t\t<div class=\"elementor-field-type-radio elementor-field-group elementor-column elementor-field-group-field_5447a0d elementor-col-100 elementor-field-required\">\n\t\t\t\t\t\t\t\t\t\t\t\t<label for=\"form-field-field_5447a0d\" class=\"elementor-field-label elementor-screen-only\">\n\t\t\t\t\t\t\t\tVersicherungsstatus\t\t\t\t\t\t\t<\/label>\n\t\t\t\t\t\t<div class=\"elementor-field-subgroup  \"><span class=\"elementor-field-option\"><input type=\"radio\" value=\"private\" id=\"form-field-field_5447a0d-0\" name=\"form_fields[field_5447a0d]\" required=\"required\"> <label for=\"form-field-field_5447a0d-0\">private<\/label><\/span><span class=\"elementor-field-option\"><input type=\"radio\" value=\"statutory\" id=\"form-field-field_5447a0d-1\" name=\"form_fields[field_5447a0d]\" required=\"required\"> <label for=\"form-field-field_5447a0d-1\">statutory<\/label><\/span><span class=\"elementor-field-option\"><input type=\"radio\" value=\"civil servant\" id=\"form-field-field_5447a0d-2\" name=\"form_fields[field_5447a0d]\" required=\"required\"> <label for=\"form-field-field_5447a0d-2\">civil servant<\/label><\/span><span class=\"elementor-field-option\"><input type=\"radio\" value=\"self-payer\" id=\"form-field-field_5447a0d-3\" name=\"form_fields[field_5447a0d]\" required=\"required\"> <label for=\"form-field-field_5447a0d-3\">self-payer<\/label><\/span><\/div>\t\t\t\t<\/div>\n\t\t\t\t\t\t\t\t<div class=\"elementor-field-type-html elementor-field-group elementor-column elementor-field-group-field_2d3ce62 elementor-col-100\">\n\t\t\t\t\tThe data you send is used solemnly to process your inquiry. More information\ncan be found in the <a title=\"Datenschutz\" href=\"https:\/\/westendpsychotherapie.de\/datenschutz\/\">data privacy statement<\/a>.\t\t\t\t<\/div>\n\t\t\t\t\t\t\t\t<div class=\"elementor-field-group elementor-column elementor-field-type-submit elementor-col-100 e-form__buttons\">\n\t\t\t\t\t<button class=\"elementor-button elementor-size-lg\" type=\"submit\">\n\t\t\t\t\t\t<span class=\"elementor-button-content-wrapper\">\n\t\t\t\t\t\t\t\t\t\t\t\t\t\t\t\t\t\t\t\t\t\t<span class=\"elementor-button-text\">Send<\/span>\n\t\t\t\t\t\t\t\t\t\t\t\t\t<\/span>\n\t\t\t\t\t<\/button>\n\t\t\t\t<\/div>\n\t\t\t<\/div>\n\t\t<\/form>\n\t\t\t\t\t\t<\/div>\n\t\t\t\t<div class=\"elementor-element elementor-element-a6b8357 elementor-widget elementor-widget-html\" data-id=\"a6b8357\" data-element_type=\"widget\" data-widget_type=\"html.default\">\n\t\t\t\t\t<div id=\"custom-lightbox\" class=\"custom-lightbox\" style=\"display: none;\">\n    <div class=\"lightbox-content\">\n        <p>Private practice treatment costs are usually not covered by statutory health insurance.\nStatutorily insured individuals may claim my services as self-payer. <\/p>\n        <button id=\"lightbox-ok\">OK<\/button>\n    <\/div>\n<\/div>\n\n<style>\n.custom-lightbox {\n    position: fixed;\n    top: 0;\n    left: 0;\n    width: 100%;\n    height: 100%;\n    background: rgba(24, 37, 50, 0.7);\n    z-index: 9999;\n    display: flex;\n    align-items: center;\n    justify-content: center;\n}\n\n.lightbox-content {\n    background: #fff;\n    width: 90%;\n    max-width: 600px;\n    padding: 20px;\n    border-radius: 8px;\n    text-align: center;\n    box-shadow: 0 4px 12px rgba(0, 0, 0, 0.3);\n}\n\n.lightbox-content p {\n    font-size: 16px;\n    color: #182532;\n    margin-bottom: 20px;\n}\n\n#lightbox-ok {\n    background: #182532;\n    color: #e4c7a1;\n    border: none;\n    padding: 10px 20px;\n    border-radius: 5px;\n    font-size: 16px;\n    cursor: pointer;\n}\n\n#lightbox-ok:hover {\n    background: #e4c7a1;\n    color: #182532;\n}\n\nform[name='Neues Formular'] .elementor-button:disabled {\n    background: #cccccc !important;\n    color: #666666 !important;\n    cursor: not-allowed;\n    opacity: 0.6;\n}\n<\/style>\n\n<script>\njQuery(function($) {\n    $(\"#form-field-field_5447a0d-1\").on(\"change\", function() {\n        if ($(this).is(\":checked\")) {\n            $(\"#custom-lightbox\").show();\n        }\n    });\n\n    $(\"#lightbox-ok\").on(\"click\", function() {\n        $(\"#custom-lightbox\").hide();\n        $(\"form[name='Neues Formular'] .elementor-button\").prop(\"disabled\", true);\n    });\n\n    \/\/ Re-enable button if another option is selected\n    $(\"#form-field-field_5447a0d-0, #form-field-field_5447a0d-2, #form-field-field_5447a0d-3\").on(\"change\", function() {\n        $(\"form[name='Neues Formular'] .elementor-button\").prop(\"disabled\", false);\n    });\n\n    $(\"form[name='Neues Formular']\").on(\"submit\", function(e) {\n        if ($(\"#form-field-field_5447a0d-1\").is(\":checked\")) {\n            e.preventDefault();\n        }\n    });\n});\n<\/script>\t\t\t\t<\/div>\n\t\t\t\t<\/div>\n\t\t\t\t<\/div>\n\t\t\t\t\t<\/div>\n\t\t\t\t<\/div>\n\t\t\t\t<\/div>\n\t\t\t\t<\/div>\n\t\t\t\t\t\t<\/div>\n\t\t\t\t<\/div>\n\t\t\t\t<\/div>\n\t\t\t\t<\/div>\n\t\t","protected":false},"excerpt":{"rendered":"<p>Privatpraxis f\u00fcr PsychotherapieCarsten EhrathHochstra\u00dfe 4860313 Frankfurt am Main Email: info@westendpsychotherapie.dePhone: +49 (0) 151-28799663 Psychotherapy English Frankfurt am Main Contact<\/p>\n","protected":false},"author":4,"featured_media":0,"parent":0,"menu_order":0,"comment_status":"closed","ping_status":"closed","template":"","meta":{"footnotes":""},"class_list":["post-4191","page","type-page","status-publish","hentry"],"yoast_head":"<!-- This site is optimized with the Yoast SEO plugin v26.1.1 - https:\/\/yoast.com\/wordpress\/plugins\/seo\/ -->\n<title>Contact - Carsten Ehrath | Privatpraxis f\u00fcr Psychotherapie Frankfurt am Main<\/title>\n<meta name=\"robots\" content=\"index, follow, max-snippet:-1, max-image-preview:large, max-video-preview:-1\" \/>\n<link rel=\"canonical\" href=\"https:\/\/westendpsychotherapie.de\/en\/contact\/\" \/>\n<meta property=\"og:locale\" content=\"en_US\" \/>\n<meta property=\"og:type\" content=\"article\" \/>\n<meta property=\"og:title\" content=\"Contact - Carsten Ehrath | Privatpraxis f\u00fcr Psychotherapie Frankfurt am Main\" \/>\n<meta property=\"og:description\" content=\"Privatpraxis f\u00fcr PsychotherapieCarsten EhrathHochstra\u00dfe 4860313 Frankfurt am Main Email: info@westendpsychotherapie.dePhone: +49 (0) 151-28799663 Psychotherapy English Frankfurt am Main Contact\" \/>\n<meta property=\"og:url\" content=\"https:\/\/westendpsychotherapie.de\/en\/contact\/\" \/>\n<meta property=\"og:site_name\" content=\"Carsten Ehrath | Privatpraxis f\u00fcr Psychotherapie Frankfurt am Main\" \/>\n<meta property=\"article:modified_time\" content=\"2026-01-23T16:09:55+00:00\" \/>\n<meta name=\"twitter:card\" content=\"summary_large_image\" \/>\n<meta name=\"twitter:label1\" content=\"Est. reading time\" \/>\n\t<meta name=\"twitter:data1\" content=\"1 minute\" \/>\n<script type=\"application\/ld+json\" class=\"yoast-schema-graph\">{\"@context\":\"https:\/\/schema.org\",\"@graph\":[{\"@type\":\"WebPage\",\"@id\":\"https:\/\/westendpsychotherapie.de\/en\/contact\/\",\"url\":\"https:\/\/westendpsychotherapie.de\/en\/contact\/\",\"name\":\"Contact - Carsten Ehrath | Privatpraxis f\u00fcr Psychotherapie Frankfurt am Main\",\"isPartOf\":{\"@id\":\"https:\/\/westendpsychotherapie.de\/en\/#website\"},\"datePublished\":\"2024-10-14T12:38:52+00:00\",\"dateModified\":\"2026-01-23T16:09:55+00:00\",\"breadcrumb\":{\"@id\":\"https:\/\/westendpsychotherapie.de\/en\/contact\/#breadcrumb\"},\"inLanguage\":\"en-US\",\"potentialAction\":[{\"@type\":\"ReadAction\",\"target\":[\"https:\/\/westendpsychotherapie.de\/en\/contact\/\"]}]},{\"@type\":\"BreadcrumbList\",\"@id\":\"https:\/\/westendpsychotherapie.de\/en\/contact\/#breadcrumb\",\"itemListElement\":[{\"@type\":\"ListItem\",\"position\":1,\"name\":\"Startseite\",\"item\":\"https:\/\/westendpsychotherapie.de\/en\/\"},{\"@type\":\"ListItem\",\"position\":2,\"name\":\"Contact\"}]},{\"@type\":\"WebSite\",\"@id\":\"https:\/\/westendpsychotherapie.de\/en\/#website\",\"url\":\"https:\/\/westendpsychotherapie.de\/en\/\",\"name\":\"Hebamme Antje Schulz aus Dresden\",\"description\":\"\",\"potentialAction\":[{\"@type\":\"SearchAction\",\"target\":{\"@type\":\"EntryPoint\",\"urlTemplate\":\"https:\/\/westendpsychotherapie.de\/en\/?s={search_term_string}\"},\"query-input\":{\"@type\":\"PropertyValueSpecification\",\"valueRequired\":true,\"valueName\":\"search_term_string\"}}],\"inLanguage\":\"en-US\"}]}<\/script>\n<!-- \/ Yoast SEO plugin. -->","yoast_head_json":{"title":"Contact - Carsten Ehrath | Privatpraxis f\u00fcr Psychotherapie Frankfurt am Main","robots":{"index":"index","follow":"follow","max-snippet":"max-snippet:-1","max-image-preview":"max-image-preview:large","max-video-preview":"max-video-preview:-1"},"canonical":"https:\/\/westendpsychotherapie.de\/en\/contact\/","og_locale":"en_US","og_type":"article","og_title":"Contact - Carsten Ehrath | Privatpraxis f\u00fcr Psychotherapie Frankfurt am Main","og_description":"Privatpraxis f\u00fcr PsychotherapieCarsten EhrathHochstra\u00dfe 4860313 Frankfurt am Main Email: info@westendpsychotherapie.dePhone: +49 (0) 151-28799663 Psychotherapy English Frankfurt am Main Contact","og_url":"https:\/\/westendpsychotherapie.de\/en\/contact\/","og_site_name":"Carsten Ehrath | Privatpraxis f\u00fcr Psychotherapie Frankfurt am Main","article_modified_time":"2026-01-23T16:09:55+00:00","twitter_card":"summary_large_image","twitter_misc":{"Est. reading time":"1 minute"},"schema":{"@context":"https:\/\/schema.org","@graph":[{"@type":"WebPage","@id":"https:\/\/westendpsychotherapie.de\/en\/contact\/","url":"https:\/\/westendpsychotherapie.de\/en\/contact\/","name":"Contact - Carsten Ehrath | Privatpraxis f\u00fcr Psychotherapie Frankfurt am Main","isPartOf":{"@id":"https:\/\/westendpsychotherapie.de\/en\/#website"},"datePublished":"2024-10-14T12:38:52+00:00","dateModified":"2026-01-23T16:09:55+00:00","breadcrumb":{"@id":"https:\/\/westendpsychotherapie.de\/en\/contact\/#breadcrumb"},"inLanguage":"en-US","potentialAction":[{"@type":"ReadAction","target":["https:\/\/westendpsychotherapie.de\/en\/contact\/"]}]},{"@type":"BreadcrumbList","@id":"https:\/\/westendpsychotherapie.de\/en\/contact\/#breadcrumb","itemListElement":[{"@type":"ListItem","position":1,"name":"Startseite","item":"https:\/\/westendpsychotherapie.de\/en\/"},{"@type":"ListItem","position":2,"name":"Contact"}]},{"@type":"WebSite","@id":"https:\/\/westendpsychotherapie.de\/en\/#website","url":"https:\/\/westendpsychotherapie.de\/en\/","name":"Hebamme Antje Schulz aus Dresden","description":"","potentialAction":[{"@type":"SearchAction","target":{"@type":"EntryPoint","urlTemplate":"https:\/\/westendpsychotherapie.de\/en\/?s={search_term_string}"},"query-input":{"@type":"PropertyValueSpecification","valueRequired":true,"valueName":"search_term_string"}}],"inLanguage":"en-US"}]}},"_links":{"self":[{"href":"https:\/\/westendpsychotherapie.de\/en\/wp-json\/wp\/v2\/pages\/4191","targetHints":{"allow":["GET"]}}],"collection":[{"href":"https:\/\/westendpsychotherapie.de\/en\/wp-json\/wp\/v2\/pages"}],"about":[{"href":"https:\/\/westendpsychotherapie.de\/en\/wp-json\/wp\/v2\/types\/page"}],"author":[{"embeddable":true,"href":"https:\/\/westendpsychotherapie.de\/en\/wp-json\/wp\/v2\/users\/4"}],"replies":[{"embeddable":true,"href":"https:\/\/westendpsychotherapie.de\/en\/wp-json\/wp\/v2\/comments?post=4191"}],"version-history":[{"count":10,"href":"https:\/\/westendpsychotherapie.de\/en\/wp-json\/wp\/v2\/pages\/4191\/revisions"}],"predecessor-version":[{"id":4323,"href":"https:\/\/westendpsychotherapie.de\/en\/wp-json\/wp\/v2\/pages\/4191\/revisions\/4323"}],"wp:attachment":[{"href":"https:\/\/westendpsychotherapie.de\/en\/wp-json\/wp\/v2\/media?parent=4191"}],"curies":[{"name":"wp","href":"https:\/\/api.w.org\/{rel}","templated":true}]}}